{"id":49,"date":"2016-05-02T19:09:17","date_gmt":"2016-05-02T19:09:17","guid":{"rendered":"http:\/\/iturnos.com.ar\/prestadores\/stringadermatologia\/?page_id=49"},"modified":"2016-06-10T18:11:41","modified_gmt":"2016-06-10T18:11:41","slug":"dra-maria-ines-muzzio","status":"publish","type":"page","link":"https:\/\/iturnos.com.ar\/prestadores\/stringadermatologia\/dra-maria-ines-muzzio\/","title":{"rendered":"Dra Maria Ines Muzzio"},"content":{"rendered":"<p><strong><img loading=\"lazy\" decoding=\"async\" class=\" wp-image-50 alignleft\" src=\"http:\/\/iturnos.com.ar\/prestadores\/stringadermatologia\/files\/2016\/05\/foto_2186_140_140.jpg\" alt=\"foto_2186_140_140\" width=\"135\" height=\"135\" \/><\/strong><strong>TITULOS<\/strong><\/p>\n<ul>\n<li>M\u00e9dica. Facultad de Medicina. Universidad de Buenos Aires. 2001.<br \/>\nDiploma de honor.<\/li>\n<li>\u00a0Especialista Universitaria en Medicina Interna. Carrera de M\u00e9dico Especialista Universitario de Medicina Interna. Facultad de Medicina. Universidad de Buenos Aires.<br \/>\nResidencia en Cl\u00ednica M\u00e9dica, Hospital de Cl\u00ednicas \u201cJos\u00e9 de \u00a0 \u00a0 \u00a0 \u00a0 \u00a0 \u00a0 \u00a0 \u00a0 \u00a0 \u00a0 \u00a0 \u00a0 \u00a0 \u00a0 \u00a0 \u00a0 \u00a0 \u00a0 \u00a0San Mart\u00edn\u201d. 2006.<\/li>\n<li>Especialista Universitaria en Dermatolog\u00eda. Curso Superior de Especialista en Dermatolog\u00eda UBA. Residencia Dermatolog\u00eda Hospital de Cl\u00ednicas \u201cJos\u00e9 de San Mart\u00edn\u201d. 2010.<\/li>\n<\/ul>\n<p><strong>MATRICULA<\/strong><\/p>\n<p>Nacional de: M\u00e9dico<br \/>\nN\u00ba: 110357<br \/>\nOtorgada por Ministerio de Salud de la Naci\u00f3n<br \/>\nFecha de vencimiento: 12\/2018.<\/p>\n<p><strong>CARGOS HOSPITALARIOS Y EN LA ACTIVIDAD PROFESIONAL<\/strong><\/p>\n<ul>\n<li>M\u00e9dica de planta contratada (UBA) del Servicio de Dermatolog\u00eda del Hospital de Cl\u00ednicas \u201cJos\u00e9 de San Mart\u00edn\u201d.\u00a0 Secci\u00f3n Dermatoinmunolog\u00eda. 2011 a la fecha.<\/li>\n<li>M\u00e9dica\u00a0 del Servicio de Dermatolog\u00eda del Hospital de Cl\u00ednicas \u201cJos\u00e9 de San Mart\u00edn\u201d. Instructora de residentes en la Divisi\u00f3n y C\u00e1tedra de Dermatolog\u00eda del Hospital de Cl\u00ednicas \u201cJos\u00e9 de San Mart\u00edn\u201d. 2010-2011.<\/li>\n<li>M\u00e9dica de consultorio particular \u00a0de Dermatolog\u00eda. Equipo Dr. Osvaldo Stringa. 2008 a la fecha.<\/li>\n<li>M\u00e9dica Interconsultora de Dermatolog\u00eda. OSDE. Seguimiento domiciliario. Equipo Dr. Presedo. 2008-2015.<\/li>\n<li>M\u00e9dica del Servicio de Urgencias de\u00a0 Cl\u00ednica M\u00e9dica OSDE. 2006-2009.<\/li>\n<\/ul>\n<p><strong>DOCENCIA<\/strong><\/p>\n<ul>\n<li>Ayudante de primera Ad Honorem, C\u00e1tedra y Divisi\u00f3n Dermatolog\u00eda, Hospital de Cl\u00ednicas \u201cJos\u00e9 de San Mart\u00edn\u201d, cursos de pregrado. 2006 a la fecha.<\/li>\n<li>Tareas de colaboraci\u00f3n y capacitaci\u00f3n en el \u00e1rea docente, C\u00e1tedra y Divisi\u00f3n Medicina interna, Hospital de Cl\u00ednicas \u201cJos\u00e9 de San Mart\u00edn\u201d, cursos de pregrado. 2006 a la fecha.<\/li>\n<li>Cargo de ayudante de segunda Ad Honorem. Departamento de Farmacolog\u00eda, 1\u02da C\u00e1tedra. \u00a0Facultad de Medicina UBA. 2000-2002.<\/li>\n<\/ul>\n<p><strong>MEMBRES\u00cdAS EN SOCIEDADES CIENT\u00cdFICAS<\/strong><\/p>\n<p>Miembro activo de la Sociedad Argentina de Dermatolog\u00eda.<br \/>\nParticipante de grupos de trabajo, secci\u00f3n Colagenopat\u00edas.<\/p>\n<p><strong>ACTIVIDAD ACAD\u00c9MICA Y CONGRESOS DESTACADOS<\/strong><\/p>\n<p>Participaci\u00f3n en congresos, cursos y jornadas.<br \/>\nCoordinaci\u00f3n en cursos de la especialidad.<br \/>\nParticipante como conferencista o relatora en congresos, cursos o jornadas organizadas por instituciones acad\u00e9micas nacionales.<\/p>\n<ul>\n<li>Asistencia y participaci\u00f3n en los Congresos Argentinos de Dermatolog\u00eda organizados por la Sociedad Argentina de Dermatolog\u00eda realizado en las ciudades de Tucum\u00e1n (2008), C\u00f3rdoba (2011), Mendoza (2014).<\/li>\n<li>Asistencia anual y participaci\u00f3n en los Cursos de Perfeccionamiento Dermatol\u00f3gico para Graduados \u201cProf. Dr. Lu\u00eds E. Pierini\u201d. Sociedad Argentina de Dermatolog\u00eda. 2007-2015.<\/li>\n<li>Asistencia y participaci\u00f3n en Congreso Internacional de Medicina Interna del Hospital de Cl\u00ednicas. 2007-2009-2011-2013.<\/li>\n<li>XXXI Reuni\u00f3n Anual De Dermat\u00f3logos Latino Americano RADLA. Abril 2013. Uruguay.<\/li>\n<li>\u201c1ra. Jornada Internacional de Actualizaci\u00f3n Cl\u00ednica Dermatol\u00f3gica\u201d (SAD)Aula Magna Facultad de Medicina (UBA) \u2013 C.A.B.A. Reuni\u00f3n conjunta de Actualizaci\u00f3n Cl\u00ednica-Terap\u00e9utica SAD\/GITD. 2013.<\/li>\n<li>Ateneo Intersocietario. Aula Magna Facultad de Medicina (UBA). 2013.<\/li>\n<\/ul>\n<p><strong>\u00a0 \u00a0 \u00a0 \u00a0 \u00a0 \u00a0 \u00a0 \u00a0 &#8211;<\/strong>Expositora: Manifestaciones cut\u00e1neas de enfermedades endocrinas.<br \/>\n<strong>\u00a0 \u00a0 \u00a0 \u00a0 \u00a0 \u00a0 \u00a0 \u00a0 &#8211;<\/strong>Secretaria: \u201cest\u00e9tica de la teor\u00eda a la pr\u00e1ctica a trav\u00e9s de casos cl\u00ednicos\u201d.<\/p>\n<ul>\n<li>Simposio Apertura. XIV Ateneo Nacional Cl\u00ednico Terap\u00e9utico. Colagenopat\u00edas. Presentaci\u00f3n comunicaci\u00f3n libre \u201cPsoriasis con enfermedades autoinmunes\u201d. 2011.<\/li>\n<li>Curso de Estomatolog\u00eda para Dermat\u00f3logos. Evaluaci\u00f3n final. SAD. 2010<\/li>\n<li>Simposio Internacional Terap\u00e9utica. Reuni\u00f3n \u201cMaestros de la Dermatolog\u00eda Argentina\u201d. 2008.<\/li>\n<li>21st World Congress of Dermatology. Buenos Aires 2007.<\/li>\n<li>Participaci\u00f3n anual en Campa\u00f1a Nacional de Prevenci\u00f3n del C\u00e1ncer de Piel. Sociedad Argentina de Dermatolog\u00eda. Hospital de Cl\u00ednicas Jos\u00e9 de San Mart\u00edn. Desde 2006 a la fecha.<\/li>\n<\/ul>\n<p><strong>PUBLICACIONES<\/strong><\/p>\n<p><strong>Libros<\/strong><\/p>\n<ul>\n<li>Pie Diab\u00e9tico. PROACI. \u201cPrograma de Actualizaci\u00f3n en Cirug\u00eda\u201d. S\u00e9ptimo Ciclo. M\u00f3dulo 4. Pag: 115-155.<\/li>\n<li>Esclerodermia localizada. Morfea. Compromiso cut\u00e1neo. Capitulo 10. Esclerodermia. Dr Laborde. 2015<\/li>\n<\/ul>\n<p><strong>REVISTAS CIENT\u00cdFICAS<\/strong><\/p>\n<p>Haga su diagn\u00f3stico: Tumor de Abrikosoff. Sociedad Argentina de Dermatolog\u00eda. <a href=\"http:\/\/www.sad.org.ar\/\">www.sad.org.ar<\/a>.<\/p>\n<p>Verrugas periunguales recalcitrantes tratadas con Bleomicina intralesional: comunicaci\u00f3n de un caso. Revista de actualizaciones terap\u00e9uticas y dermatol\u00f3gicas. 2011 Noviembre\/Diciembre.<\/p>\n<p><strong>Psoriasis pustulosa aguda generalizada de von Z\u00fcmbusch: un caso con buena respuesta a ciclosporina e infliximab<\/strong>. Revista de actualizaciones terap\u00e9uticas y dermatol\u00f3gicas. \u00a02012 Enero\/Marzo.<\/p>\n<p><strong>Liquen escleroso en p\u00e1rpado: tratamiento con tacrolimus.<\/strong><\/p>\n<p>Revista de actualizaciones terap\u00e9uticas y dermatol\u00f3gicas. 2012 Diciembre.<\/p>\n<p>Ulceras dolorosas en cavidad oral como expresi\u00f3n de leucemia cutis. Revista de la Asociaci\u00f3n Odontol\u00f3gica Argentina. Vol 100, num 4. 2012.<\/p>\n<p>N\u00f3dulos ulcerados en miembros inferiores. Cu\u00e1l es su diagn\u00f3stico. Dermatolog\u00eda Argentina Vol 20, num4. 2014 Julio agosto.<\/p>\n<p>Tumoraci\u00f3n dolorosa en brazo. Mire, piense y haga su diagn\u00f3stico. Archivos Argentinos de Dermatolog\u00eda. Vol 65, num 1. 2015 Enero febrero.<\/p>\n<p><strong>IDIOMAS<\/strong><br \/>\nIngl\u00e9s: Preliminary Level.<br \/>\nOxford University Advance 1. Curso Intensivo en Londres.<br \/>\nFirst Certificate.<br \/>\nFranc\u00e9s: DELF.<\/p>\n","protected":false},"excerpt":{"rendered":"<p>TITULOS M\u00e9dica. Facultad de Medicina. Universidad de Buenos Aires. 2001. Diploma de honor. \u00a0Especialista Universitaria en Medicina Interna. Carrera de M\u00e9dico Especialista Universitario de Medicina Interna. Facultad de Medicina. Universidad de Buenos Aires. Residencia en Cl\u00ednica M\u00e9dica, Hospital de Cl\u00ednicas &hellip; <a href=\"https:\/\/iturnos.com.ar\/prestadores\/stringadermatologia\/dra-maria-ines-muzzio\/\">Sigue leyendo <span class=\"meta-nav\">&rarr;<\/span><\/a><\/p>\n","protected":false},"author":2,"featured_media":0,"parent":0,"menu_order":0,"comment_status":"closed","ping_status":"closed","template":"sidebar-page.php","meta":{"footnotes":""},"_links":{"self":[{"href":"https:\/\/iturnos.com.ar\/prestadores\/stringadermatologia\/wp-json\/wp\/v2\/pages\/49"}],"collection":[{"href":"https:\/\/iturnos.com.ar\/prestadores\/stringadermatologia\/wp-json\/wp\/v2\/pages"}],"about":[{"href":"https:\/\/iturnos.com.ar\/prestadores\/stringadermatologia\/wp-json\/wp\/v2\/types\/page"}],"author":[{"embeddable":true,"href":"https:\/\/iturnos.com.ar\/prestadores\/stringadermatologia\/wp-json\/wp\/v2\/users\/2"}],"replies":[{"embeddable":true,"href":"https:\/\/iturnos.com.ar\/prestadores\/stringadermatologia\/wp-json\/wp\/v2\/comments?post=49"}],"version-history":[{"count":4,"href":"https:\/\/iturnos.com.ar\/prestadores\/stringadermatologia\/wp-json\/wp\/v2\/pages\/49\/revisions"}],"predecessor-version":[{"id":71,"href":"https:\/\/iturnos.com.ar\/prestadores\/stringadermatologia\/wp-json\/wp\/v2\/pages\/49\/revisions\/71"}],"wp:attachment":[{"href":"https:\/\/iturnos.com.ar\/prestadores\/stringadermatologia\/wp-json\/wp\/v2\/media?parent=49"}],"curies":[{"name":"wp","href":"https:\/\/api.w.org\/{rel}","templated":true}]}}