{"id":35,"date":"2016-04-13T16:26:59","date_gmt":"2016-04-13T16:26:59","guid":{"rendered":"http:\/\/iturnos.com.ar\/prestadores\/stringadermatologia\/?page_id=35"},"modified":"2016-04-13T16:48:41","modified_gmt":"2016-04-13T16:48:41","slug":"dr-osvaldo-stringa","status":"publish","type":"page","link":"https:\/\/iturnos.com.ar\/prestadores\/stringadermatologia\/dr-osvaldo-stringa\/","title":{"rendered":"Dr Osvaldo Stringa"},"content":{"rendered":"<p><strong><img loading=\"lazy\" decoding=\"async\" class=\"size-full wp-image-39 alignleft\" src=\"http:\/\/iturnos.com.ar\/prestadores\/stringadermatologia\/files\/2016\/04\/stringa.jpg\" alt=\"stringa\" width=\"140\" height=\"140\" \/>TITULOS<\/strong><br \/>\n<strong>M\u00e9dico<\/strong>. Facultad de Medicina. Universidad de Buenos Aires a\u00f1o de egreso 1977.<br \/>\n<strong>Diploma de Honor<\/strong>. Facultad de Medicina. Universidad de Buenos Aires.<br \/>\n<strong>Profesor Adjunto de Dermatolog\u00eda.<\/strong> Facultad de Ciencias Biom\u00e9dicas. Universidad Austral.<br \/>\n<strong>Especialista en Dermatolog\u00eda.<\/strong> Universidad de Buenos Aires, a\u00f1o de egreso 1983.<br \/>\n<strong>Certificaci\u00f3n y recertificaci\u00f3n como M\u00e9dico Dermat\u00f3logo:<\/strong> Asociaci\u00f3n M\u00e9dica Argentina &#8212; Sociedad Argentina de Dermatolog\u00eda.<\/p>\n<p><strong>CARGOS HOSPITALARIOS y EN LA ACTIVIDAD PROFESIONAL<\/strong><br \/>\n<strong>Sub-Jefe del Servicio de Dermatolog\u00eda<\/strong> del Hospital Universitario Austral.<br \/>\n<strong>Director del Curso de Perfeccionamiento para Graduados \u201cProf. Dr. Luis E Pierini.<\/strong> A\u00f1os: 2006, 2008, 2013 y 2015. <strong>Miembro del Comit\u00e9 organizador permanente.<\/strong><br \/>\n<strong>Secretario Cient\u00edfico de la Sociedad Argentina de Dermatolog\u00eda.<\/strong> Per\u00edodos 2002 -2005 y 2007 -2009.<br \/>\n<strong>Presidente del CONADER (Consejo Nacional de Dermatolog\u00eda de Argentina para Educaci\u00f3n)<\/strong> 2015 -2017. Miembro del CONADER 2012 -2015.<br \/>\n<strong>Secretario Adjunt<\/strong>o 21st World Congress of Dermatology. International League of Dermatological Societies (ILDS). A\u00f1o 2007.<\/p>\n<p><strong>PREMIOS:<\/strong><br \/>\n1-.<strong> Premio \u201cAaron Kaminsky 2014\u201d<\/strong> Fen\u00f3meno de regresi\u00f3n como factor pron\u00f3stico en melanoma\u201d. Sociedad Argentina de Dermatolog\u00eda.<br \/>\n2-.<strong> Menci\u00f3n especial en el premio: Al Mejor Trabajo de Investigaci\u00f3n en la XXVIII Reuni\u00f3n Anual de Dermat\u00f3logos Latinoamericanos (RADLA)<\/strong> \u201cEl prurigo act\u00ednico en descendientes de la etnia diaguita, evoluci\u00f3n cl\u00ednica y correlaci\u00f3n histopatol\u00f3gica\u201d.<br \/>\n3-.<strong> Premio \u00abAaron Kaminsky 2009\u00bb<\/strong> \u201cComparaci\u00f3n epidemiol\u00f3gica de los casos de melanoma maligno del Hospital Universitario Austral (HUA) vs El registro Argentino de Melanoma Cut\u00e1neo (RAMC)\u201d Sociedad Argentina de Dermatolog\u00eda.<br \/>\n4-.<strong> Menci\u00f3n especial \u201cProf Dr Dagoberto Pierini\u201d<\/strong>: Vasculitis primarias de la infancia; estudio cl\u00ednico-epidemiol\u00f3gico. Sociedad Argentina de Dermatolog\u00eda. A\u00f1o 2008.<br \/>\n5-.<strong> Beca de la Sociedad Argentina de Dermatolog\u00eda a\u00f1os 2005-06 por el proyecto.<\/strong> \u201cEstudio prospectivo de las Manifestaciones Dermatol\u00f3gicas en pacientes con trasplante hep\u00e1tico o de m\u00e9dula \u00f3sea del Hospital Unversitario Austral\u201d.<br \/>\n6-. <strong>Premio \u201cAlejandro Cordero\u201d 2004. Sociedad Argentina de Dermatolog\u00eda<\/strong>. \u201cLupus Eritematoso Cut\u00e1neo Suagudo (LECSA), a prop\u00f3sito de 17 casos con anticuerpo anti Ro positivo\u201d<br \/>\n7-. <strong>Premio Bienal \u00abJulio V. Uriburu\u00bb 1993\u201cSoc. Arg. Dermatolog\u00eda &#8211; Asociaci\u00f3n M\u00e9dica Argentina.<\/strong> Vasculitis Cut\u00e1neas en Crioglobulinemias, estudio de 12 casos\u00bb.<br \/>\n8-.<strong> Premio Anual \u00abXavier Villanova\u00bb 1986.<\/strong> Sociedad Argentina de Dermatolog\u00eda. \u00abSarcoma de Kaposi, a prop\u00f3sito de 4 casos de la forma epid\u00e9mica\u00bb.<br \/>\n9-.<strong> Menci\u00f3n especial del premio \u00abAaron Kaminsky\u00bb 1986<\/strong>. \u00abEnfermedad de Letterer Siwe a prop\u00f3sito del estudio de 5 casos\u00bb.<br \/>\n10-.<strong> Premio \u00abAaron Kaminsky 1985\u00bb Sociedad Argentina de Dermatolog\u00eda<\/strong> \u00abP\u00farpura por Hipergamaglobulinemia\u00bb<br \/>\n11-. <strong>Segundo Premio \u00abSesi\u00f3n de trabajos de investigaci\u00f3n para dermat\u00f3logos con menos de 5 a\u00f1os en la especialidad\u00bb<\/strong>. \u00abP\u00e9nfigo Familiar Benigno Cr\u00f3nico\u00bb 5\u00b0 Reuni\u00f3n Anual de Dermat\u00f3logos Latinoamericanos.<\/p>\n<p><strong>PUBLICACIONES<\/strong><br \/>\n<strong>\u2022<\/strong> Trabajos publicados: 27 en revistas nacionales y extranjeras.<br \/>\n<strong>\u2022<\/strong> Ocho cap\u00edtulos de libros nacionales y extranjeros<\/p>\n<p><strong>CONGRESOS Y JORNADAS<\/strong><br \/>\nDesde 1977 hasta la actualidad concurrencia a congresos nacionales e internacionales.<br \/>\nUltimo:<br \/>\n<strong>\u2022<\/strong> 64 Curso Intensivo de Perfeccionamiento para Graduados \u201cProf. Dr. Luis E Pierini\u201d Noviembre 2015. Director.<br \/>\n<strong>\u2022<\/strong> 74th Annual Meeting of the American Academy of Dermatology. Washington EE UU marzo 2016.<\/p>\n<p><strong>SOCIEDADES CIENTIFICAS<\/strong><br \/>\n<strong>\u2022<\/strong> Miembro Titular de la Asociaci\u00f3n M\u00e9dica Argentina.<br \/>\n<strong>\u2022<\/strong> Miembro Titular de la Sociedad Argentina de Dermatolog\u00eda.<br \/>\n<strong>\u2022<\/strong> Miembro Titular del CILAD (Congreso Ibero Americano de Dermatolog\u00eda).<br \/>\n<strong>\u2022<\/strong> International Fellow of the American Academy of Dermatology.<\/p>\n","protected":false},"excerpt":{"rendered":"<p>TITULOS M\u00e9dico. Facultad de Medicina. Universidad de Buenos Aires a\u00f1o de egreso 1977. Diploma de Honor. Facultad de Medicina. Universidad de Buenos Aires. Profesor Adjunto de Dermatolog\u00eda. Facultad de Ciencias Biom\u00e9dicas. Universidad Austral. Especialista en Dermatolog\u00eda. Universidad de Buenos Aires, &hellip; <a href=\"https:\/\/iturnos.com.ar\/prestadores\/stringadermatologia\/dr-osvaldo-stringa\/\">Sigue leyendo <span class=\"meta-nav\">&rarr;<\/span><\/a><\/p>\n","protected":false},"author":2,"featured_media":0,"parent":0,"menu_order":0,"comment_status":"closed","ping_status":"closed","template":"sidebar-page.php","meta":{"footnotes":""},"_links":{"self":[{"href":"https:\/\/iturnos.com.ar\/prestadores\/stringadermatologia\/wp-json\/wp\/v2\/pages\/35"}],"collection":[{"href":"https:\/\/iturnos.com.ar\/prestadores\/stringadermatologia\/wp-json\/wp\/v2\/pages"}],"about":[{"href":"https:\/\/iturnos.com.ar\/prestadores\/stringadermatologia\/wp-json\/wp\/v2\/types\/page"}],"author":[{"embeddable":true,"href":"https:\/\/iturnos.com.ar\/prestadores\/stringadermatologia\/wp-json\/wp\/v2\/users\/2"}],"replies":[{"embeddable":true,"href":"https:\/\/iturnos.com.ar\/prestadores\/stringadermatologia\/wp-json\/wp\/v2\/comments?post=35"}],"version-history":[{"count":2,"href":"https:\/\/iturnos.com.ar\/prestadores\/stringadermatologia\/wp-json\/wp\/v2\/pages\/35\/revisions"}],"predecessor-version":[{"id":41,"href":"https:\/\/iturnos.com.ar\/prestadores\/stringadermatologia\/wp-json\/wp\/v2\/pages\/35\/revisions\/41"}],"wp:attachment":[{"href":"https:\/\/iturnos.com.ar\/prestadores\/stringadermatologia\/wp-json\/wp\/v2\/media?parent=35"}],"curies":[{"name":"wp","href":"https:\/\/api.w.org\/{rel}","templated":true}]}}